{"id":69,"date":"2018-11-05T13:15:59","date_gmt":"2018-11-05T13:15:59","guid":{"rendered":"http:\/\/land-schamane.com\/?page_id=69"},"modified":"2025-02-05T18:48:17","modified_gmt":"2025-02-05T17:48:17","slug":"aspekte-des-heilens","status":"publish","type":"page","link":"https:\/\/land-schamane.com\/cms\/aspekte-des-heilens\/","title":{"rendered":"Entfall Sommerfest: &#8222;Aspekte des Heilens 2025&#8220;"},"content":{"rendered":"\r\n<h1 class=\"wp-block-heading\" style=\"text-align: center;\"><strong>Entfall des Sommerfestes \u201eAspekte des Heilens 2025\u201c<\/strong><\/h1>\r\n<p style=\"text-align: center;\"><span style=\"font-size: 14pt;\">Leider m\u00fcssen wir euch mitteilen, dass das Sommerfest in diesem Jahr ausgesetzt wird. <\/span><\/p>\r\n<p style=\"text-align: center;\"><span style=\"font-size: 14pt;\">Diese Entscheidung wurde aus organisatorischen sowie gesundheitlichen Gr\u00fcnden seitens Kurt Br\u00fcckler in Absprache mit ihm und seiner Familie, dem Veranstalter (Verein Internationaler Verband f\u00fcr Schamanismus &amp; traditionelle ganzheitliche Heilmethoden) und dem Team von \u201eAspekte des Heilens\u201c getroffen. <\/span><\/p>\r\n<p style=\"text-align: center;\"><span style=\"font-size: 14pt;\">Diese Entscheidung ist uns nicht leicht gefallen, vor allem weil das Sommer-Fest in unserem Jahresrhythmus bisher ein fester Bestandteil war und einen wundervollen Rahmen f\u00fcr Heilung, Spiritualit\u00e4t, Fr\u00f6hlichkeit und Zusammenkommen im Kreis Gleichgesinnter erm\u00f6glicht hat. <\/span><\/p>\r\n<p>&nbsp;<\/p>\r\n<p style=\"text-align: center;\"><span style=\"font-size: 14pt;\">Gerne h\u00e4tten wir dieses Fest auch heuer veranstaltet, doch die Gesundheit von Kurt hat zweifellos h\u00f6chste Priorit\u00e4t. Gleichzeitig m\u00fcssen wir unsere eigenen Ressourcen in den kommenden Monaten neu verteilen.<\/span><\/p>\r\n<p>&nbsp;<\/p>\r\n<p style=\"text-align: center;\"><span style=\"font-size: 14pt;\">Ob \u201eAspekte des Heilens\u201c im n\u00e4chsten Jahr stattfinden wird, k\u00f6nnen wir zum jetzigen Zeitpunkt noch nicht entscheiden. Weitere Informationen werden wir euch rechtzeitig bekannt geben.<\/span><\/p>\r\n<p>&nbsp;<\/p>\r\n<p style=\"text-align: center;\"><span style=\"font-size: 14pt;\">Wir bitten um Euer Verst\u00e4ndnis.<\/span><\/p>\r\n<p>&nbsp;<\/p>\r\n<p style=\"text-align: center;\"><strong><span style=\"font-size: 14pt;\">Wir danken euch allen &#8211; ob verbunden durch Freundschaft, als Kooperationspartner, aktive Teilnehmende und G\u00e4ste von \u201eAspekte des Heilens\u201c &#8211; f\u00fcr eure Treue und Unterst\u00fctzung in dieser herausfordernden Zeit!<\/span><\/strong><\/p>\r\n<p>&nbsp;<\/p>\r\n<p style=\"text-align: center;\"><span style=\"font-size: 14pt;\">Wir hoffen, bald wieder lichtvollere Tage gemeinsam mit euch und Kurt erleben zu k\u00f6nnen!<\/span><\/p>\r\n<p>&nbsp;<\/p>\r\n<p style=\"text-align: center;\"><span style=\"font-size: 14pt;\">F\u00fcr R\u00fcckfragen: <\/span><\/p>\r\n<p style=\"text-align: center;\"><span style=\"font-size: 14pt;\">Horst Longitsch (0664\/9040490, optik.longitsch@aon.at).<\/span><\/p>\r\n<p style=\"text-align: center;\">&nbsp;<\/p>\r\n<p style=\"text-align: center;\"><span style=\"font-size: 14pt;\"><strong>In Verbundenheit und mit Herzensgr\u00fc\u00dfen<\/strong><\/span><\/p>\r\n<p style=\"text-align: center;\"><span style=\"font-size: 14pt;\">Marina &amp; Horst<\/span><\/p>\r\n<p style=\"text-align: center;\"><span style=\"font-size: 14pt;\">in Absprache mit Kurt und seiner Familie<\/span><\/p>\r\n<p style=\"text-align: center;\"><span style=\"font-size: 14pt;\">sowie dem Team von \u201eAspekte des Heilens\u201c und dem<\/span><\/p>\r\n<p style=\"text-align: center;\"><span style=\"font-size: 14pt;\">Verein Internationaler Verband f\u00fcr Schamanismus &amp; traditionelle ganzheitliche Heilmethoden<\/span><\/p>\r\n<p>&nbsp;<\/p>\r\n<h1 style=\"text-align: center;\">&nbsp;<\/h1>\r\n<h1 style=\"text-align: center;\"><strong>ASPEKTE DES HEILENS 2024<\/strong><\/h1>\r\n<p><img loading=\"lazy\" decoding=\"async\" class=\"wp-image-2867 aligncenter\" src=\"https:\/\/land-schamane.com\/cms\/wp-content\/uploads\/2025\/02\/aspekte-des-heilens-2024_179-high-scaled.webp\" alt=\"\" width=\"373\" height=\"560\" srcset=\"https:\/\/land-schamane.com\/cms\/wp-content\/uploads\/2025\/02\/aspekte-des-heilens-2024_179-high-scaled.webp 1704w, https:\/\/land-schamane.com\/cms\/wp-content\/uploads\/2025\/02\/aspekte-des-heilens-2024_179-high-200x300.webp 200w, https:\/\/land-schamane.com\/cms\/wp-content\/uploads\/2025\/02\/aspekte-des-heilens-2024_179-high-681x1024.webp 681w, https:\/\/land-schamane.com\/cms\/wp-content\/uploads\/2025\/02\/aspekte-des-heilens-2024_179-high-768x1154.webp 768w, https:\/\/land-schamane.com\/cms\/wp-content\/uploads\/2025\/02\/aspekte-des-heilens-2024_179-high-1022x1536.webp 1022w, https:\/\/land-schamane.com\/cms\/wp-content\/uploads\/2025\/02\/aspekte-des-heilens-2024_179-high-1363x2048.webp 1363w\" sizes=\"auto, (max-width: 373px) 100vw, 373px\" \/>&nbsp;<\/p>\r\n<p><img loading=\"lazy\" decoding=\"async\" class=\"alignnone size-full wp-image-2871\" src=\"https:\/\/land-schamane.com\/cms\/wp-content\/uploads\/2025\/02\/aspekte-des-heilens-2024_114-high.webp\" alt=\"\" width=\"1919\" height=\"1277\" srcset=\"https:\/\/land-schamane.com\/cms\/wp-content\/uploads\/2025\/02\/aspekte-des-heilens-2024_114-high.webp 1919w, https:\/\/land-schamane.com\/cms\/wp-content\/uploads\/2025\/02\/aspekte-des-heilens-2024_114-high-300x200.webp 300w, https:\/\/land-schamane.com\/cms\/wp-content\/uploads\/2025\/02\/aspekte-des-heilens-2024_114-high-1024x681.webp 1024w, https:\/\/land-schamane.com\/cms\/wp-content\/uploads\/2025\/02\/aspekte-des-heilens-2024_114-high-768x511.webp 768w, https:\/\/land-schamane.com\/cms\/wp-content\/uploads\/2025\/02\/aspekte-des-heilens-2024_114-high-1536x1022.webp 1536w, https:\/\/land-schamane.com\/cms\/wp-content\/uploads\/2025\/02\/aspekte-des-heilens-2024_114-high-272x182.webp 272w\" sizes=\"auto, (max-width: 1919px) 100vw, 1919px\" \/><\/p>\r\n<p><img loading=\"lazy\" decoding=\"async\" class=\"alignnone size-full wp-image-2869\" src=\"https:\/\/land-schamane.com\/cms\/wp-content\/uploads\/2025\/02\/aspekte-des-heilens-2024_190-high.webp\" alt=\"\" width=\"1920\" height=\"1280\" srcset=\"https:\/\/land-schamane.com\/cms\/wp-content\/uploads\/2025\/02\/aspekte-des-heilens-2024_190-high.webp 1920w, https:\/\/land-schamane.com\/cms\/wp-content\/uploads\/2025\/02\/aspekte-des-heilens-2024_190-high-300x200.webp 300w, https:\/\/land-schamane.com\/cms\/wp-content\/uploads\/2025\/02\/aspekte-des-heilens-2024_190-high-1024x683.webp 1024w, https:\/\/land-schamane.com\/cms\/wp-content\/uploads\/2025\/02\/aspekte-des-heilens-2024_190-high-768x512.webp 768w, https:\/\/land-schamane.com\/cms\/wp-content\/uploads\/2025\/02\/aspekte-des-heilens-2024_190-high-1536x1024.webp 1536w, https:\/\/land-schamane.com\/cms\/wp-content\/uploads\/2025\/02\/aspekte-des-heilens-2024_190-high-272x182.webp 272w\" sizes=\"auto, (max-width: 1920px) 100vw, 1920px\" \/><\/p>\r\n<p style=\"text-align: center;\">&nbsp;<\/p>\r\n<p><img loading=\"lazy\" decoding=\"async\" class=\"alignnone size-full wp-image-2695\" src=\"https:\/\/land-schamane.com\/cms\/wp-content\/uploads\/2024\/08\/2-scaled.jpg\" alt=\"\" width=\"2560\" height=\"1707\" srcset=\"https:\/\/land-schamane.com\/cms\/wp-content\/uploads\/2024\/08\/2-scaled.jpg 2560w, https:\/\/land-schamane.com\/cms\/wp-content\/uploads\/2024\/08\/2-300x200.jpg 300w, https:\/\/land-schamane.com\/cms\/wp-content\/uploads\/2024\/08\/2-1024x683.jpg 1024w, https:\/\/land-schamane.com\/cms\/wp-content\/uploads\/2024\/08\/2-768x512.jpg 768w, https:\/\/land-schamane.com\/cms\/wp-content\/uploads\/2024\/08\/2-1536x1024.jpg 1536w, https:\/\/land-schamane.com\/cms\/wp-content\/uploads\/2024\/08\/2-2048x1365.jpg 2048w, https:\/\/land-schamane.com\/cms\/wp-content\/uploads\/2024\/08\/2-272x182.jpg 272w\" sizes=\"auto, (max-width: 2560px) 100vw, 2560px\" \/> <img loading=\"lazy\" decoding=\"async\" class=\"alignnone size-full wp-image-2696\" src=\"https:\/\/land-schamane.com\/cms\/wp-content\/uploads\/2024\/08\/3-scaled.jpg\" alt=\"\" width=\"2560\" height=\"1707\" srcset=\"https:\/\/land-schamane.com\/cms\/wp-content\/uploads\/2024\/08\/3-scaled.jpg 2560w, https:\/\/land-schamane.com\/cms\/wp-content\/uploads\/2024\/08\/3-300x200.jpg 300w, https:\/\/land-schamane.com\/cms\/wp-content\/uploads\/2024\/08\/3-1024x683.jpg 1024w, https:\/\/land-schamane.com\/cms\/wp-content\/uploads\/2024\/08\/3-768x512.jpg 768w, https:\/\/land-schamane.com\/cms\/wp-content\/uploads\/2024\/08\/3-1536x1024.jpg 1536w, https:\/\/land-schamane.com\/cms\/wp-content\/uploads\/2024\/08\/3-2048x1365.jpg 2048w, https:\/\/land-schamane.com\/cms\/wp-content\/uploads\/2024\/08\/3-272x182.jpg 272w\" sizes=\"auto, (max-width: 2560px) 100vw, 2560px\" \/><\/p>\r\n<div class=\"x11i5rnm xat24cr x1mh8g0r x1vvkbs xtlvy1s x126k92a\">\r\n<div dir=\"auto\" style=\"text-align: center;\"><img loading=\"lazy\" decoding=\"async\" class=\"alignnone size-full wp-image-2697\" src=\"https:\/\/land-schamane.com\/cms\/wp-content\/uploads\/2024\/08\/4-scaled.jpg\" alt=\"\" width=\"2560\" height=\"1707\" srcset=\"https:\/\/land-schamane.com\/cms\/wp-content\/uploads\/2024\/08\/4-scaled.jpg 2560w, https:\/\/land-schamane.com\/cms\/wp-content\/uploads\/2024\/08\/4-300x200.jpg 300w, https:\/\/land-schamane.com\/cms\/wp-content\/uploads\/2024\/08\/4-1024x683.jpg 1024w, https:\/\/land-schamane.com\/cms\/wp-content\/uploads\/2024\/08\/4-768x512.jpg 768w, https:\/\/land-schamane.com\/cms\/wp-content\/uploads\/2024\/08\/4-1536x1024.jpg 1536w, https:\/\/land-schamane.com\/cms\/wp-content\/uploads\/2024\/08\/4-2048x1365.jpg 2048w, https:\/\/land-schamane.com\/cms\/wp-content\/uploads\/2024\/08\/4-272x182.jpg 272w\" sizes=\"auto, (max-width: 2560px) 100vw, 2560px\" \/>Danke aus ganzem Herzen an ALLE Mitwirkenden:<\/div>\r\n<\/div>\r\n<div class=\"x11i5rnm xat24cr x1mh8g0r x1vvkbs xtlvy1s x126k92a\" style=\"text-align: center;\">\r\n<div dir=\"auto\">der Gemeinde W\u00f6rschach, der Magie, der spirituellen wie k\u00f6rperlichen Heilung, des Lachens, Klanges und des Tanzes, des Handwerks und der K\u00fcnste, des Sehens, Mitf\u00fchlens und Zuh\u00f6rens, des Organisierens und Verpflegens, des Anpackens und Putzens, des Verkaufens, Tragens und Fotografierens.<\/div>\r\n<div dir=\"auto\">&nbsp;<\/div>\r\n<\/div>\r\n<div class=\"x11i5rnm xat24cr x1mh8g0r x1vvkbs xtlvy1s x126k92a\" style=\"text-align: center;\">\r\n<div dir=\"auto\">Danke f\u00fcr die goldene Zeit der Harmonie, tiefen Verbundenheit und Freundschaft <span class=\"html-span xexx8yu x4uap5 x18d9i69 xkhd6sd x1hl2dhg x16tdsg8 x1vvkbs x3nfvp2 x1j61x8r x1fcty0u xdj266r xat24cr xgzva0m xhhsvwb xxymvpz xlup9mm x1kky2od\"><img loading=\"lazy\" decoding=\"async\" class=\"xz74otr\" src=\"https:\/\/static.xx.fbcdn.net\/images\/emoji.php\/v9\/t80\/1\/16\/1f64f.png\" alt=\"\" width=\"16\" height=\"16\"><\/span><span class=\"html-span xexx8yu x4uap5 x18d9i69 xkhd6sd x1hl2dhg x16tdsg8 x1vvkbs x3nfvp2 x1j61x8r x1fcty0u xdj266r xat24cr xgzva0m xhhsvwb xxymvpz xlup9mm x1kky2od\"><img loading=\"lazy\" decoding=\"async\" class=\"xz74otr\" src=\"https:\/\/static.xx.fbcdn.net\/images\/emoji.php\/v9\/t6c\/1\/16\/2764.png\" alt=\"\u2764\ufe0f\" width=\"16\" height=\"16\"><\/span><span class=\"html-span xexx8yu x4uap5 x18d9i69 xkhd6sd x1hl2dhg x16tdsg8 x1vvkbs x3nfvp2 x1j61x8r x1fcty0u xdj266r xat24cr xgzva0m xhhsvwb xxymvpz xlup9mm x1kky2od\"><img loading=\"lazy\" decoding=\"async\" class=\"xz74otr\" src=\"https:\/\/static.xx.fbcdn.net\/images\/emoji.php\/v9\/t80\/1\/16\/1f64f.png\" alt=\"\" width=\"16\" height=\"16\"><\/span>.<\/div>\r\n<\/div>\r\n<div class=\"x11i5rnm xat24cr x1mh8g0r x1vvkbs xtlvy1s x126k92a\" style=\"text-align: center;\">\r\n<div dir=\"auto\">Augenblick verweile doch, du bist so sch\u00f6n&#8230;<\/div>\r\n<div dir=\"auto\">&nbsp;<\/div>\r\n<\/div>\r\n<div class=\"x11i5rnm xat24cr x1mh8g0r x1vvkbs xtlvy1s x126k92a\" style=\"text-align: center;\">&nbsp;<\/div>\r\n<div dir=\"auto\">\r\n<p style=\"text-align: center;\">\u2728<\/p>\r\n<p style=\"text-align: center;\">Herzensgr\u00fc\u00dfe <span class=\"html-span xexx8yu x4uap5 x18d9i69 xkhd6sd x1hl2dhg x16tdsg8 x1vvkbs x3nfvp2 x1j61x8r x1fcty0u xdj266r xat24cr xgzva0m xhhsvwb xxymvpz xlup9mm x1kky2od\"><img loading=\"lazy\" decoding=\"async\" class=\"xz74otr\" src=\"https:\/\/static.xx.fbcdn.net\/images\/emoji.php\/v9\/t6c\/1\/16\/2764.png\" alt=\"\u2764\ufe0f\" width=\"16\" height=\"16\"><\/span><\/p>\r\n<p style=\"text-align: center;\">Kurt Br\u00fcckler und das Team von Aspekte des Heilens<\/p>\r\n<p>&nbsp;<\/p>\r\n<p style=\"text-align: center;\">Alle Fotos von Herbert K\u00e4fer findet ihr hier: <a href=\"https:\/\/fotokaefer.at\/\">https:\/\/fotokaefer.at\/<\/a><\/p>\r\n<p style=\"text-align: center;\">Kurzvideos mit den sch\u00f6nsten Impressionen von 2024:<br><br>auf facebook: <a href=\"https:\/\/www.facebook.com\/share\/p\/6Gw8ZM6c7sVoQg2B\/\">Teil 1<\/a> und <a href=\"https:\/\/www.facebook.com\/reel\/420484990474082\">Teil 2<\/a><br>auf instagram: <a href=\"https:\/\/www.instagram.com\/reel\/C-3a6GAOdPU\/?igsh=MTdwOWt5b3lqenNtbw==\">Teil 1<\/a> und <a href=\"https:\/\/www.instagram.com\/reel\/C_BXxuuuMm6\/?utm_source=ig_web_copy_link&amp;igsh=MzRlODBiNWFlZA==\">Teil 2<\/a><\/p>\r\n<p style=\"text-align: center;\">&nbsp;<\/p>\r\n<p style=\"text-align: center;\">Telegram Gruppe: <a href=\"https:\/\/t.me\/AspektedesHeilens\">https:\/\/t.me\/AspektedesHeilens<\/a><br><br><br><\/p>\r\n<\/div>\r\n<p><img loading=\"lazy\" decoding=\"async\" class=\" wp-image-2674 aligncenter\" src=\"https:\/\/land-schamane.com\/cms\/wp-content\/uploads\/2024\/07\/Rahmenprogramm-AdH24.jpg\" alt=\"\" width=\"942\" height=\"1345\" srcset=\"https:\/\/land-schamane.com\/cms\/wp-content\/uploads\/2024\/07\/Rahmenprogramm-AdH24.jpg 822w, https:\/\/land-schamane.com\/cms\/wp-content\/uploads\/2024\/07\/Rahmenprogramm-AdH24-210x300.jpg 210w, https:\/\/land-schamane.com\/cms\/wp-content\/uploads\/2024\/07\/Rahmenprogramm-AdH24-718x1024.jpg 718w, https:\/\/land-schamane.com\/cms\/wp-content\/uploads\/2024\/07\/Rahmenprogramm-AdH24-768x1096.jpg 768w\" sizes=\"auto, (max-width: 942px) 100vw, 942px\" \/><\/p>\r\n<h1 class=\"wp-block-heading has-text-align-center has-x-large-font-size\" style=\"text-align: center;\"><span style=\"font-size: 12pt; color: #000000;\"><img loading=\"lazy\" decoding=\"async\" class=\"alignnone  wp-image-2673\" src=\"https:\/\/land-schamane.com\/cms\/wp-content\/uploads\/2024\/07\/0-1.jpg\" alt=\"\" width=\"941\" height=\"1331\" srcset=\"https:\/\/land-schamane.com\/cms\/wp-content\/uploads\/2024\/07\/0-1.jpg 1190w, https:\/\/land-schamane.com\/cms\/wp-content\/uploads\/2024\/07\/0-1-212x300.jpg 212w, https:\/\/land-schamane.com\/cms\/wp-content\/uploads\/2024\/07\/0-1-724x1024.jpg 724w, https:\/\/land-schamane.com\/cms\/wp-content\/uploads\/2024\/07\/0-1-768x1086.jpg 768w, https:\/\/land-schamane.com\/cms\/wp-content\/uploads\/2024\/07\/0-1-1086x1536.jpg 1086w\" sizes=\"auto, (max-width: 941px) 100vw, 941px\" \/><\/span><\/h1>\r\n<h1 class=\"wp-block-heading has-text-align-center has-x-large-font-size\" style=\"text-align: center;\"><span style=\"font-size: 12pt;\">Wir freuen uns sehr euch mitteilen zu <\/span><span style=\"font-size: 12pt; color: #000000;\">k\u00f6nnen, dass wir 2024 einen besonderen Gast begr\u00fc\u00dfen d\u00fcrfen!<\/span><\/h1>\r\n\r\n\r\n\r\n\r\n\r\n<p class=\"wp-elements-41b8baa11946796856f9778631e85a8f\">&nbsp;<\/p>\r\n<p><img loading=\"lazy\" decoding=\"async\" class=\"alignnone size-full wp-image-2646\" src=\"https:\/\/land-schamane.com\/cms\/wp-content\/uploads\/2024\/07\/Rinpoche_Foto.jpg\" alt=\"\" width=\"1280\" height=\"591\"><\/p>\r\n<p class=\"has-text-align-center has-black-color has-text-color has-background has-link-color\" style=\"background: linear-gradient(135deg,#fae331 0%,#f08030 100%); font-size: 30px; font-style: normal; font-weight: 500;\"><span style=\"font-size: 12pt;\"><span class=\"x193iq5w xeuugli x13faqbe x1vvkbs x1xmvt09 x1lliihq x1s928wv xhkezso x1gmr53x x1cpjm7i x1fgarty x1943h6x xudqn12 x3x7a5m x6prxxf xvq8zen xo1l8bm xzsf02u x1yc453h\" dir=\"auto\">Lha-Tri Khenpo Nyima Dakpa Rinpoche<\/span> ist ein Abt aus der jahrtausende alten tibetischen BON-Tradition und ein langj\u00e4hriger, spiritueller Wegbegleiter von Dolmar Kurt Br\u00fcckler. Er gr\u00fcndete 1988 das BCH (Bon Children\u2019s Home), ein Heim f\u00fcr tibetische Fl\u00fcchtlings- und Waisenkinder in Nordindien. BON war die vorherrschende Religion in Tibet, bevor im 8. Jhd. der Buddhismus ins Land gelangte. <\/span><br><span style=\"font-size: 12pt;\">Dolmar Kurt Br\u00fcckler (Veranstalter) wird gemeinsam mit seiner Hl. Rinpoche im Zeichen spiritueller Verbundenheit Freitag abend ein besonderes Ritual veranstalten, ebenso werden Vortr\u00e4ge und Workshops von &#8222;seiner Heiligkeit Rinpoche&#8220; stattfinden.<br><a href=\"https:\/\/land-schamane.com\/cms\/wp-content\/uploads\/2024\/07\/Infos_seine-Hl.-Rinpoche.pdf\">&#8211;&gt; Detaillierte Informationen zu seiner Person<\/a> <br><\/span><\/p>\r\n\r\n\r\n\r\n\r\n\r\n<h3 class=\"wp-block-heading has-text-align-center has-large-font-size\"><br><br><span style=\"color: #993300; font-size: 18pt;\">Impressionen &#8222;Aspekte des Heilens 2023&#8220;<\/span><\/h3>\r\n\r\n\r\n\r\n\r\n\r\nngg_shortcode_0_placeholder\r\n<p><span style=\"font-size: 12pt; color: #000000;\"><span style=\"color: #993300;\">Dokumentation vom 4. Aspekte des Heilens &#8211; Sommer&nbsp; 2009.<\/span> <\/span><\/p>\r\n<p><span style=\"font-size: 12pt; color: #000000;\">Ab Minute 5:40 wird \u00fcber seiner Heilgkeit Rinpoche und seiner ersten Teilnahme an den spirituellen Sommerfesttagen berichtet. <\/span><\/p>\r\n<p><span style=\"font-size: 12pt; color: #000000;\">(Dokumentation von Amrhein\/Dabringer\/Grabner\/Sommer).<\/span><\/p>\r\n\r\n\r\n\r\n<figure class=\"wp-block-embed is-type-video is-provider-youtube wp-block-embed-youtube wp-embed-aspect-16-9 wp-has-aspect-ratio\">\r\n<div class=\"wp-block-embed__wrapper\"><iframe loading=\"lazy\" src=\"\/\/www.youtube.com\/embed\/Hbbh0R6OpcE\" width=\"560\" height=\"314\" allowfullscreen=\"allowfullscreen\"><\/iframe><\/div>\r\n<\/figure>\r\n<p><span style=\"font-size: 12pt;\">\r\n\r\n<\/span><\/p>\r\n<p><span style=\"font-size: 12pt; color: #000000;\">Bereits zum 19. Mal findet das sogenannte &#8222;Schamanentreffen&#8220; in W\u00f6rschach statt.<\/span><\/p>\r\n<p><span style=\"font-size: 12pt;\"><span style=\"color: #000000;\">Ein Fest das mittlerweile f\u00fcr viele Menschen zu einer Art Pilgerfahrt geworden ist.<\/span>\r\n\r\n<\/span><\/p>\r\n\r\n\r\n\r\n<figure class=\"wp-block-embed is-type-video is-provider-youtube wp-block-embed-youtube wp-embed-aspect-16-9 wp-has-aspect-ratio\">\r\n<div class=\"wp-block-embed__wrapper\"><iframe loading=\"lazy\" src=\"\/\/www.youtube.com\/embed\/O9Cs2UlKAps\" width=\"560\" height=\"314\" allowfullscreen=\"allowfullscreen\"><\/iframe><\/div>\r\n<\/figure>\r\n\r\n\r\n\r\n<p style=\"font-size: 26px;\"><span style=\"font-size: 12pt; color: #000000;\">Treffpunkt einer gro\u00dfen Familie bewusst werdender Menschen die hier zusammenfinden, unter dem Motto: &#8222;Austausch von Informationen \u00fcber Heilung und Spiritualit\u00e4t&#8220; und sie w\u00e4chst st\u00e4ndig weiter.<\/span><\/p>\r\n\r\n\r\n\r\n<figure class=\"wp-block-embed is-type-video is-provider-youtube wp-block-embed-youtube wp-embed-aspect-16-9 wp-has-aspect-ratio\">\r\n<div class=\"wp-block-embed__wrapper\"><iframe loading=\"lazy\" src=\"\/\/www.youtube.com\/embed\/O9Cs2UlKAps\" width=\"560\" height=\"314\" allowfullscreen=\"allowfullscreen\"><\/iframe><\/div>\r\n<div>&nbsp;<\/div>\r\n<\/figure>\r\n<p><span style=\"color: #000000;\">\r\n\r\n<\/span><\/p>\r\n<p><span style=\"color: #000000;\">Viele ReferentInnen (regional, national und international) bieten eine gro\u00dfe Auswahl an Traditionen mit ihren Vortr\u00e4gen, Workshops, Einzelberatungen und -behandlungen.<\/span><\/p>\r\n<p><span style=\"color: #000000;\">\r\n\r\n<\/span><\/p>\r\n<p><span style=\"color: #000000;\">MusikerInnen, K\u00fcnstlerInnen, HandwerkerInnen und VerkaufsstandlerInnen umrahmen das Programm mit ihren Werken.<\/span><\/p>\r\n<p>&nbsp;<\/p>\r\n\r\n\r\n\r\n<figure class=\"wp-block-embed is-type-video is-provider-youtube wp-block-embed-youtube wp-embed-aspect-16-9 wp-has-aspect-ratio\">\r\n<div class=\"wp-block-embed__wrapper\"><iframe loading=\"lazy\" src=\"\/\/www.youtube.com\/embed\/91OEOu4fDmw\" width=\"560\" height=\"314\" allowfullscreen=\"allowfullscreen\"><\/iframe><\/div>\r\n<div>&nbsp;<\/div>\r\n<\/figure>\r\n<p><span style=\"color: #993300;\">\r\n\r\n<\/span><\/p>\r\n<p><span style=\"color: #993300; font-size: 14pt;\"><strong>Der Veranstalter<\/strong><\/span><\/p>\r\n\r\n\r\n\r\n<p><span style=\"color: #000000;\">Verein: <\/span><span style=\"color: #000000;\">Internationaler Verband f\u00fcr Schamanismus und traditionelle ganzheitliche Heilmethoden unter der Leitung von Domar Kurt Br\u00fcckler &#8211; der Landschamane &#8211; <span style=\"color: #993300;\">freut sich auf dein Kommen!<\/span><\/span><\/p>\r\n<p><span style=\"color: #000000;\">\r\n\r\n<\/span><\/p>\r\n<p>&nbsp;<\/p>\r\n<p><span style=\"color: #993300;\">Mehr von uns und der Akademie f\u00fcr Europ\u00e4ische Naturheilmethoden &amp; Schamanismus:<\/span><\/p>\r\n<p>&nbsp;<\/p>\r\n<p><span style=\"color: #000000;\">\r\n\r\n<\/span><\/p>\r\n<p><span style=\"color: #000000;\">\u2b50&nbsp;&nbsp; <a style=\"color: #000000;\" href=\"http:\/\/www.land-schamane.com\"><u>www.land-schamane.com<\/u><\/a><\/span><\/p>\r\n<p><span style=\"color: #000000;\">\u2b50&nbsp;&nbsp; <a style=\"color: #000000;\" href=\"https:\/\/t.me\/+MdNDVjZxVJczODRk\">Telegram Newsletter- &amp; Austauschgruppe<\/a><\/span><\/p>\r\n<p><span style=\"color: #000000;\">\u2b50&nbsp;&nbsp; <u>W<\/u><a style=\"color: #000000;\" href=\"https:\/\/chat.whatsapp.com\/Fyn4nnvV8dVDwhcttR059a\">hatsapp Newsletter<\/a><u>gruppe<\/u><\/span><\/p>\r\n<p><span style=\"color: #000000;\">\u2b50&nbsp;&nbsp; <a style=\"color: #000000;\" href=\"https:\/\/www.instagram.com\/akademie__fuer__schamanismus\/\">Instagram<\/a><\/span><\/p>\r\n<p><span style=\"color: #000000;\">\u2b50&nbsp;&nbsp; <a style=\"color: #000000;\" href=\"https:\/\/www.facebook.com\/SchamanenschuleKurtBrueckler\">Facebook<\/a><\/span><\/p>\r\n<p>&nbsp;<\/p>\r\n<p><span style=\"color: #000000;\">\r\n\r\n\r\n\r\n<\/span><\/p>\r\n<p><span style=\"color: #000000;\">Ein gro\u00dfes DANKESCH\u00d6N an unsere Partner:<\/span><\/p>\r\n\r\n\r\nngg_shortcode_1_placeholder\n\r\n\r\n\r\n<h4 class=\"wp-block-heading\">&nbsp;<\/h4>\r\n","protected":false},"excerpt":{"rendered":"<p>Entfall des Sommerfestes \u201eAspekte des Heilens 2025\u201c Leider m\u00fcssen wir euch mitteilen, dass das Sommerfest in diesem Jahr ausgesetzt wird. Diese Entscheidung wurde aus organisatorischen sowie gesundheitlichen Gr\u00fcnden seitens Kurt Br\u00fcckler in Absprache mit ihm und seiner Familie, dem Veranstalter (Verein Internationaler Verband f\u00fcr Schamanismus &amp; traditionelle ganzheitliche Heilmethoden) und dem Team von \u201eAspekte des [&hellip;]<\/p>\n","protected":false},"author":2,"featured_media":0,"parent":0,"menu_order":0,"comment_status":"closed","ping_status":"closed","template":"","meta":{"ngg_post_thumbnail":0,"footnotes":""},"class_list":["post-69","page","type-page","status-publish","hentry","post"],"_links":{"self":[{"href":"https:\/\/land-schamane.com\/cms\/wp-json\/wp\/v2\/pages\/69","targetHints":{"allow":["GET"]}}],"collection":[{"href":"https:\/\/land-schamane.com\/cms\/wp-json\/wp\/v2\/pages"}],"about":[{"href":"https:\/\/land-schamane.com\/cms\/wp-json\/wp\/v2\/types\/page"}],"author":[{"embeddable":true,"href":"https:\/\/land-schamane.com\/cms\/wp-json\/wp\/v2\/users\/2"}],"replies":[{"embeddable":true,"href":"https:\/\/land-schamane.com\/cms\/wp-json\/wp\/v2\/comments?post=69"}],"version-history":[{"count":130,"href":"https:\/\/land-schamane.com\/cms\/wp-json\/wp\/v2\/pages\/69\/revisions"}],"predecessor-version":[{"id":2873,"href":"https:\/\/land-schamane.com\/cms\/wp-json\/wp\/v2\/pages\/69\/revisions\/2873"}],"wp:attachment":[{"href":"https:\/\/land-schamane.com\/cms\/wp-json\/wp\/v2\/media?parent=69"}],"curies":[{"name":"wp","href":"https:\/\/api.w.org\/{rel}","templated":true}]}}